{"id":1962,"date":"2025-04-16T10:33:42","date_gmt":"2025-04-16T08:33:42","guid":{"rendered":"https:\/\/latelierdececile.fr\/?page_id=1962"},"modified":"2025-04-17T13:30:43","modified_gmt":"2025-04-17T11:30:43","slug":"mariages","status":"publish","type":"page","link":"https:\/\/latelierdececile.fr\/mariages\/","title":{"rendered":"Mariages"},"content":{"rendered":"\t\t<div data-elementor-type=\"wp-page\" data-elementor-id=\"1962\" class=\"elementor elementor-1962\" data-elementor-post-type=\"page\">\n\t\t\t\t\t\t<section class=\"elementor-section elementor-top-section elementor-element elementor-element-6e2c710d elementor-section-height-min-height elementor-section-stretched elementor-section-full_width elementor-section-height-default elementor-section-items-middle wpr-particle-no wpr-jarallax-no wpr-parallax-no wpr-sticky-section-no wpr-equal-height-no\" data-id=\"6e2c710d\" data-element_type=\"section\" data-e-type=\"section\" data-settings=\"{&quot;stretch_section&quot;:&quot;section-stretched&quot;,&quot;background_background&quot;:&quot;classic&quot;,&quot;shape_divider_bottom_negative&quot;:&quot;yes&quot;,&quot;shape_divider_bottom&quot;:&quot;triangle&quot;}\">\n\t\t\t\t\t\t\t<div class=\"elementor-background-overlay\"><\/div>\n\t\t\t\t\t\t<div class=\"elementor-shape elementor-shape-bottom\" aria-hidden=\"true\" data-negative=\"true\">\n\t\t\t<svg xmlns=\"http:\/\/www.w3.org\/2000\/svg\" viewBox=\"0 0 1000 100\" preserveAspectRatio=\"none\">\n\t<path class=\"elementor-shape-fill\" d=\"M500.2,94.7L0,0v100h1000V0L500.2,94.7z\"\/>\n<\/svg>\t\t<\/div>\n\t\t\t\t\t<div class=\"elementor-container elementor-column-gap-default\">\n\t\t\t\t\t<div class=\"elementor-column elementor-col-100 elementor-top-column elementor-element elementor-element-6c45e0c7\" data-id=\"6c45e0c7\" data-element_type=\"column\" data-e-type=\"column\">\n\t\t\t<div class=\"elementor-widget-wrap elementor-element-populated\">\n\t\t\t\t\t\t<div class=\"elementor-element elementor-element-57111fd4 elementor-widget elementor-widget-heading\" data-id=\"57111fd4\" data-element_type=\"widget\" data-e-type=\"widget\" data-widget_type=\"heading.default\">\n\t\t\t\t<div class=\"elementor-widget-container\">\n\t\t\t\t\t<span class=\"elementor-heading-title elementor-size-default\"><a href=\"#\">Mariages<\/a><\/span>\t\t\t\t<\/div>\n\t\t\t\t<\/div>\n\t\t\t\t\t<\/div>\n\t\t<\/div>\n\t\t\t\t\t<\/div>\n\t\t<\/section>\n\t\t\t\t<section class=\"elementor-section elementor-top-section elementor-element elementor-element-58efe4bf elementor-section-content-middle elementor-section-stretched elementor-section-boxed elementor-section-height-default elementor-section-height-default wpr-particle-no wpr-jarallax-no wpr-parallax-no wpr-sticky-section-no wpr-equal-height-no\" data-id=\"58efe4bf\" data-element_type=\"section\" data-e-type=\"section\" data-settings=\"{&quot;stretch_section&quot;:&quot;section-stretched&quot;}\">\n\t\t\t\t\t\t<div class=\"elementor-container elementor-column-gap-default\">\n\t\t\t\t\t<div class=\"elementor-column elementor-col-100 elementor-top-column elementor-element elementor-element-666d3c05\" data-id=\"666d3c05\" data-element_type=\"column\" data-e-type=\"column\">\n\t\t\t<div class=\"elementor-widget-wrap elementor-element-populated\">\n\t\t\t\t\t\t<div class=\"elementor-element elementor-element-aa72aa5 animated-slow elementor-invisible elementor-widget elementor-widget-heading\" data-id=\"aa72aa5\" data-element_type=\"widget\" data-e-type=\"widget\" data-settings=\"{&quot;_animation&quot;:&quot;fadeInDown&quot;}\" data-widget_type=\"heading.default\">\n\t\t\t\t<div class=\"elementor-widget-container\">\n\t\t\t\t\t<h1 class=\"elementor-heading-title elementor-size-default\">Fleuriste pour <span style=\"color: #f09992\">mariage<\/span> \u00e0 Douchy-les-Mines<\/h1>\t\t\t\t<\/div>\n\t\t\t\t<\/div>\n\t\t\t\t<div class=\"elementor-element elementor-element-32c4358f elementor-widget-divider--view-line_icon elementor-view-default elementor-widget-divider--element-align-center elementor-widget elementor-widget-divider\" data-id=\"32c4358f\" data-element_type=\"widget\" data-e-type=\"widget\" data-widget_type=\"divider.default\">\n\t\t\t\t<div class=\"elementor-widget-container\">\n\t\t\t\t\t\t\t<div class=\"elementor-divider\">\n\t\t\t<span class=\"elementor-divider-separator\">\n\t\t\t\t\t\t\t<div class=\"elementor-icon elementor-divider__element\">\n\t\t\t\t\t<i aria-hidden=\"true\" class=\"fas fa-seedling\"><\/i><\/div>\n\t\t\t\t\t\t<\/span>\n\t\t<\/div>\n\t\t\t\t\t\t<\/div>\n\t\t\t\t<\/div>\n\t\t\t\t<div class=\"elementor-element elementor-element-32bcd3a elementor-widget elementor-widget-text-editor\" data-id=\"32bcd3a\" data-element_type=\"widget\" data-e-type=\"widget\" data-widget_type=\"text-editor.default\">\n\t\t\t\t<div class=\"elementor-widget-container\">\n\t\t\t\t\t\t\t\t\t<p>Un mariage est un moment inoubliable, un jour d\u2019\u00e9motions, de promesses et de beaut\u00e9. En tant que fleuriste mariage \u00e0 Douchy-les-Mines, je mets toute ma sensibilit\u00e9 et mon exp\u00e9rience au service de votre union.<\/p><p>Mon r\u00f4le est de cr\u00e9er un univers floral unique, \u00e0 votre image, que vous soyez de Lourches, Neuville-sur-Escaut ou Haulchin. Chaque d\u00e9tail compte pour faire de votre c\u00e9l\u00e9bration un instant magique.<\/p>\t\t\t\t\t\t\t\t<\/div>\n\t\t\t\t<\/div>\n\t\t\t\t\t<\/div>\n\t\t<\/div>\n\t\t\t\t\t<\/div>\n\t\t<\/section>\n\t\t\t\t<section class=\"elementor-section elementor-top-section elementor-element elementor-element-45885053 elementor-section-content-middle elementor-section-stretched elementor-section-boxed elementor-section-height-default elementor-section-height-default wpr-particle-no wpr-jarallax-no wpr-parallax-no wpr-sticky-section-no wpr-equal-height-no\" data-id=\"45885053\" data-element_type=\"section\" data-e-type=\"section\" data-settings=\"{&quot;stretch_section&quot;:&quot;section-stretched&quot;}\">\n\t\t\t\t\t\t<div class=\"elementor-container elementor-column-gap-default\">\n\t\t\t\t\t<div class=\"elementor-column elementor-col-50 elementor-top-column elementor-element elementor-element-73852bf5\" data-id=\"73852bf5\" data-element_type=\"column\" data-e-type=\"column\">\n\t\t\t<div class=\"elementor-widget-wrap elementor-element-populated\">\n\t\t\t\t\t\t<div class=\"elementor-element elementor-element-11799495 elementor-widget elementor-widget-image\" data-id=\"11799495\" data-element_type=\"widget\" data-e-type=\"widget\" data-widget_type=\"image.default\">\n\t\t\t\t<div class=\"elementor-widget-container\">\n\t\t\t\t\t\t\t\t\t\t\t\t\t\t\t<img fetchpriority=\"high\" decoding=\"async\" width=\"700\" height=\"500\" src=\"https:\/\/latelierdececile.fr\/wp-content\/uploads\/2025\/04\/image11.jpg\" class=\"attachment-large size-large wp-image-2440\" alt=\"Fleuriste mariage \u00e0 Douchy-les-Mines - D\u00e9coration florale sur mesure\" srcset=\"https:\/\/latelierdececile.fr\/wp-content\/uploads\/2025\/04\/image11.jpg 700w, https:\/\/latelierdececile.fr\/wp-content\/uploads\/2025\/04\/image11-230x164.jpg 230w, https:\/\/latelierdececile.fr\/wp-content\/uploads\/2025\/04\/image11-600x429.jpg 600w, https:\/\/latelierdececile.fr\/wp-content\/uploads\/2025\/04\/image11-300x214.jpg 300w\" sizes=\"(max-width: 700px) 100vw, 700px\" \/>\t\t\t\t\t\t\t\t\t\t\t\t\t\t\t<\/div>\n\t\t\t\t<\/div>\n\t\t\t\t\t<\/div>\n\t\t<\/div>\n\t\t\t\t<div class=\"elementor-column elementor-col-50 elementor-top-column elementor-element elementor-element-255efbb9\" data-id=\"255efbb9\" data-element_type=\"column\" data-e-type=\"column\">\n\t\t\t<div class=\"elementor-widget-wrap elementor-element-populated\">\n\t\t\t\t\t\t<div class=\"elementor-element elementor-element-71e338b7 animated-slow elementor-invisible elementor-widget elementor-widget-heading\" data-id=\"71e338b7\" data-element_type=\"widget\" data-e-type=\"widget\" data-settings=\"{&quot;_animation&quot;:&quot;fadeInDown&quot;}\" data-widget_type=\"heading.default\">\n\t\t\t\t<div class=\"elementor-widget-container\">\n\t\t\t\t\t<h2 class=\"elementor-heading-title elementor-size-default\">Des bouquets de mari\u00e9e uniques et \u00e9l\u00e9gants<\/h2>\t\t\t\t<\/div>\n\t\t\t\t<\/div>\n\t\t\t\t<div class=\"elementor-element elementor-element-637f2dc2 elementor-widget elementor-widget-text-editor\" data-id=\"637f2dc2\" data-element_type=\"widget\" data-e-type=\"widget\" data-widget_type=\"text-editor.default\">\n\t\t\t\t<div class=\"elementor-widget-container\">\n\t\t\t\t\t\t\t\t\t<p>Le bouquet de la mari\u00e9e est bien plus qu\u2019un accessoire : il est le reflet de votre personnalit\u00e9, un symbole que l\u2019on porte avec fiert\u00e9 et \u00e9motion. Je le cr\u00e9e selon vos envies, votre tenue, le th\u00e8me de votre mariage et les saisons. En effet, j\u2019accorde une attention particuli\u00e8re \u00e0 l\u2019harmonie des formes, aux textures et aux teintes, pour que ce bouquet vous ressemble enti\u00e8rement.<\/p><p>Par ailleurs, je peux \u00e9galement r\u00e9aliser les bouquets pour les demoiselles d\u2019honneur, les boutonni\u00e8res ou encore les bracelets fleuris. Chaque cr\u00e9ation est pens\u00e9e avec soin, pour sublimer les silhouettes et ajouter une touche florale d\u00e9licate \u00e0 votre journ\u00e9e.<\/p><p><strong>Prenons rendez-vous pour parler de votre bouquet id\u00e9al et imaginer ensemble le v\u00f4tre.<\/strong><\/p>\t\t\t\t\t\t\t\t<\/div>\n\t\t\t\t<\/div>\n\t\t\t\t\t<\/div>\n\t\t<\/div>\n\t\t\t\t\t<\/div>\n\t\t<\/section>\n\t\t\t\t<section class=\"elementor-section elementor-top-section elementor-element elementor-element-663f08a9 elementor-section-content-middle elementor-section-stretched elementor-reverse-tablet elementor-reverse-mobile elementor-section-boxed elementor-section-height-default elementor-section-height-default wpr-particle-no wpr-jarallax-no wpr-parallax-no wpr-sticky-section-no wpr-equal-height-no\" data-id=\"663f08a9\" data-element_type=\"section\" data-e-type=\"section\" data-settings=\"{&quot;stretch_section&quot;:&quot;section-stretched&quot;}\">\n\t\t\t\t\t\t<div class=\"elementor-container elementor-column-gap-default\">\n\t\t\t\t\t<div class=\"elementor-column elementor-col-50 elementor-top-column elementor-element elementor-element-6ee3828\" data-id=\"6ee3828\" data-element_type=\"column\" data-e-type=\"column\">\n\t\t\t<div class=\"elementor-widget-wrap elementor-element-populated\">\n\t\t\t\t\t\t<div class=\"elementor-element elementor-element-207d0b8a animated-slow elementor-invisible elementor-widget elementor-widget-heading\" data-id=\"207d0b8a\" data-element_type=\"widget\" data-e-type=\"widget\" data-settings=\"{&quot;_animation&quot;:&quot;fadeInDown&quot;}\" data-widget_type=\"heading.default\">\n\t\t\t\t<div class=\"elementor-widget-container\">\n\t\t\t\t\t<h2 class=\"elementor-heading-title elementor-size-default\">D\u00e9coration florale de c\u00e9r\u00e9monie et de salle<\/h2>\t\t\t\t<\/div>\n\t\t\t\t<\/div>\n\t\t\t\t<div class=\"elementor-element elementor-element-342911e4 elementor-widget elementor-widget-text-editor\" data-id=\"342911e4\" data-element_type=\"widget\" data-e-type=\"widget\" data-widget_type=\"text-editor.default\">\n\t\t\t\t<div class=\"elementor-widget-container\">\n\t\t\t\t\t\t\t\t\t<p>Au-del\u00e0 du bouquet, je vous propose une d\u00e9coration florale compl\u00e8te pour votre mariage : arche fleurie, all\u00e9e de c\u00e9r\u00e9monie, centres de table, compositions pour l\u2019\u00e9glise ou la mairie, d\u00e9corations de voiture ou de buffet\u2026 Tout est possible. Ainsi, j\u2019imagine un univers v\u00e9g\u00e9tal sur mesure, coh\u00e9rent et \u00e9l\u00e9gant, en lien avec vos go\u00fbts et votre lieu de r\u00e9ception.<\/p><p>De plus, je me d\u00e9place sur site pour installer moi-m\u00eame les compositions, en toute discr\u00e9tion et avec professionnalisme. Mon objectif : cr\u00e9er une ambiance florale harmonieuse, chaleureuse et inoubliable.<\/p><p><strong>Envie d\u2019un mariage fleuri jusque dans les moindres d\u00e9tails ? Je suis \u00e0 votre \u00e9coute.<\/strong><\/p>\t\t\t\t\t\t\t\t<\/div>\n\t\t\t\t<\/div>\n\t\t\t\t\t<\/div>\n\t\t<\/div>\n\t\t\t\t<div class=\"elementor-column elementor-col-50 elementor-top-column elementor-element elementor-element-4b9fa42f\" data-id=\"4b9fa42f\" data-element_type=\"column\" data-e-type=\"column\">\n\t\t\t<div class=\"elementor-widget-wrap elementor-element-populated\">\n\t\t\t\t\t\t<div class=\"elementor-element elementor-element-2a67e7cf elementor-widget elementor-widget-image\" data-id=\"2a67e7cf\" data-element_type=\"widget\" data-e-type=\"widget\" data-widget_type=\"image.default\">\n\t\t\t\t<div class=\"elementor-widget-container\">\n\t\t\t\t\t\t\t\t\t\t\t\t\t\t\t<img decoding=\"async\" width=\"700\" height=\"500\" src=\"https:\/\/latelierdececile.fr\/wp-content\/uploads\/2025\/04\/image12.jpg\" class=\"attachment-large size-large wp-image-2441\" alt=\"Fleuriste mariage \u00e0 Douchy-les-Mines - D\u00e9coration florale sur mesure\" srcset=\"https:\/\/latelierdececile.fr\/wp-content\/uploads\/2025\/04\/image12.jpg 700w, https:\/\/latelierdececile.fr\/wp-content\/uploads\/2025\/04\/image12-230x164.jpg 230w, https:\/\/latelierdececile.fr\/wp-content\/uploads\/2025\/04\/image12-600x429.jpg 600w, https:\/\/latelierdececile.fr\/wp-content\/uploads\/2025\/04\/image12-300x214.jpg 300w\" sizes=\"(max-width: 700px) 100vw, 700px\" \/>\t\t\t\t\t\t\t\t\t\t\t\t\t\t\t<\/div>\n\t\t\t\t<\/div>\n\t\t\t\t\t<\/div>\n\t\t<\/div>\n\t\t\t\t\t<\/div>\n\t\t<\/section>\n\t\t\t\t<section class=\"elementor-section elementor-top-section elementor-element elementor-element-3f89e4e3 elementor-section-height-min-height elementor-section-stretched elementor-section-boxed elementor-section-height-default elementor-section-items-middle wpr-particle-no wpr-jarallax-no wpr-parallax-no wpr-sticky-section-no wpr-equal-height-no\" data-id=\"3f89e4e3\" data-element_type=\"section\" data-e-type=\"section\" data-settings=\"{&quot;stretch_section&quot;:&quot;section-stretched&quot;,&quot;background_background&quot;:&quot;classic&quot;}\">\n\t\t\t\t\t\t\t<div class=\"elementor-background-overlay\"><\/div>\n\t\t\t\t\t\t\t<div class=\"elementor-container elementor-column-gap-default\">\n\t\t\t\t\t<div class=\"elementor-column elementor-col-100 elementor-top-column elementor-element elementor-element-1525e9bb\" data-id=\"1525e9bb\" data-element_type=\"column\" data-e-type=\"column\">\n\t\t\t<div class=\"elementor-widget-wrap elementor-element-populated\">\n\t\t\t\t\t\t<div class=\"elementor-element elementor-element-1ab484e5 animated-slow elementor-invisible elementor-widget elementor-widget-heading\" data-id=\"1ab484e5\" data-element_type=\"widget\" data-e-type=\"widget\" data-settings=\"{&quot;_animation&quot;:&quot;fadeInDown&quot;}\" data-widget_type=\"heading.default\">\n\t\t\t\t<div class=\"elementor-widget-container\">\n\t\t\t\t\t<span class=\"elementor-heading-title elementor-size-default\">Contactez-nous d\u00e8s maintenant<\/span>\t\t\t\t<\/div>\n\t\t\t\t<\/div>\n\t\t\t\t<div class=\"elementor-element elementor-element-201dcf3c elementor-widget-divider--view-line elementor-widget elementor-widget-divider\" data-id=\"201dcf3c\" data-element_type=\"widget\" data-e-type=\"widget\" data-widget_type=\"divider.default\">\n\t\t\t\t<div class=\"elementor-widget-container\">\n\t\t\t\t\t\t\t<div class=\"elementor-divider\">\n\t\t\t<span class=\"elementor-divider-separator\">\n\t\t\t\t\t\t<\/span>\n\t\t<\/div>\n\t\t\t\t\t\t<\/div>\n\t\t\t\t<\/div>\n\t\t\t\t<div class=\"elementor-element elementor-element-21ba85e8 elementor-invisible elementor-widget elementor-widget-text-editor\" data-id=\"21ba85e8\" data-element_type=\"widget\" data-e-type=\"widget\" data-settings=\"{&quot;_animation&quot;:&quot;fadeInUp&quot;}\" data-widget_type=\"text-editor.default\">\n\t\t\t\t<div class=\"elementor-widget-container\">\n\t\t\t\t\t\t\t\t\t<p>Confiez-moi votre d\u00e9coration florale de mariage, je mets tout mon c\u0153ur pour faire fleurir votre bonheur.<\/p><p>Appelez-moi au <strong><a href=\"tel:0033607850434\">+33 6 07 85 04 34<\/a><\/strong> ou \u00e9crivez-moi \u00e0 <strong><a href=\"mailto:contact@latelierdececile.fr\">contact@latelierdececile.fr<\/a><\/strong>. Ensemble, cr\u00e9ons le mariage dont vous r\u00eavez.<\/p>\t\t\t\t\t\t\t\t<\/div>\n\t\t\t\t<\/div>\n\t\t\t\t\t<\/div>\n\t\t<\/div>\n\t\t\t\t\t<\/div>\n\t\t<\/section>\n\t\t\t\t<\/div>\n\t\t","protected":false},"excerpt":{"rendered":"<p>Mariages Fleuriste pour mariage \u00e0 Douchy-les-Mines Un mariage est un moment inoubliable, un jour d\u2019\u00e9motions, de promesses et de beaut\u00e9. En tant que fleuriste mariage \u00e0 Douchy-les-Mines, je mets toute ma sensibilit\u00e9 et mon exp\u00e9rience au service de votre union. Mon r\u00f4le est de cr\u00e9er un univers floral unique, \u00e0<\/p>\n","protected":false},"author":38,"featured_media":0,"parent":0,"menu_order":0,"comment_status":"closed","ping_status":"closed","template":"","meta":{"footnotes":""},"class_list":["post-1962","page","type-page","status-publish","hentry"],"aioseo_notices":[],"_links":{"self":[{"href":"https:\/\/latelierdececile.fr\/nov-apijson\/wp\/v2\/pages\/1962","targetHints":{"allow":["GET"]}}],"collection":[{"href":"https:\/\/latelierdececile.fr\/nov-apijson\/wp\/v2\/pages"}],"about":[{"href":"https:\/\/latelierdececile.fr\/nov-apijson\/wp\/v2\/types\/page"}],"author":[{"embeddable":true,"href":"https:\/\/latelierdececile.fr\/nov-apijson\/wp\/v2\/users\/38"}],"replies":[{"embeddable":true,"href":"https:\/\/latelierdececile.fr\/nov-apijson\/wp\/v2\/comments?post=1962"}],"version-history":[{"count":10,"href":"https:\/\/latelierdececile.fr\/nov-apijson\/wp\/v2\/pages\/1962\/revisions"}],"predecessor-version":[{"id":2444,"href":"https:\/\/latelierdececile.fr\/nov-apijson\/wp\/v2\/pages\/1962\/revisions\/2444"}],"wp:attachment":[{"href":"https:\/\/latelierdececile.fr\/nov-apijson\/wp\/v2\/media?parent=1962"}],"curies":[{"name":"wp","href":"https:\/\/api.w.org\/{rel}","templated":true}]}}