{"id":1956,"date":"2025-04-16T10:29:04","date_gmt":"2025-04-16T08:29:04","guid":{"rendered":"https:\/\/latelierdececile.fr\/?page_id=1956"},"modified":"2025-04-17T13:07:18","modified_gmt":"2025-04-17T11:07:18","slug":"creations-florales","status":"publish","type":"page","link":"https:\/\/latelierdececile.fr\/creations-florales\/","title":{"rendered":"Cr\u00e9ations florales"},"content":{"rendered":"\t\t<div data-elementor-type=\"wp-page\" data-elementor-id=\"1956\" class=\"elementor elementor-1956\" data-elementor-post-type=\"page\">\n\t\t\t\t\t\t<section class=\"elementor-section elementor-top-section elementor-element elementor-element-3e792cd6 elementor-section-height-min-height elementor-section-stretched elementor-section-full_width elementor-section-height-default elementor-section-items-middle wpr-particle-no wpr-jarallax-no wpr-parallax-no wpr-sticky-section-no wpr-equal-height-no\" data-id=\"3e792cd6\" data-element_type=\"section\" data-e-type=\"section\" data-settings=\"{&quot;stretch_section&quot;:&quot;section-stretched&quot;,&quot;background_background&quot;:&quot;classic&quot;,&quot;shape_divider_bottom_negative&quot;:&quot;yes&quot;,&quot;shape_divider_bottom&quot;:&quot;triangle&quot;}\">\n\t\t\t\t\t\t\t<div class=\"elementor-background-overlay\"><\/div>\n\t\t\t\t\t\t<div class=\"elementor-shape elementor-shape-bottom\" aria-hidden=\"true\" data-negative=\"true\">\n\t\t\t<svg xmlns=\"http:\/\/www.w3.org\/2000\/svg\" viewBox=\"0 0 1000 100\" preserveAspectRatio=\"none\">\n\t<path class=\"elementor-shape-fill\" d=\"M500.2,94.7L0,0v100h1000V0L500.2,94.7z\"\/>\n<\/svg>\t\t<\/div>\n\t\t\t\t\t<div class=\"elementor-container elementor-column-gap-default\">\n\t\t\t\t\t<div class=\"elementor-column elementor-col-100 elementor-top-column elementor-element elementor-element-47c0dc6e\" data-id=\"47c0dc6e\" data-element_type=\"column\" data-e-type=\"column\">\n\t\t\t<div class=\"elementor-widget-wrap elementor-element-populated\">\n\t\t\t\t\t\t<div class=\"elementor-element elementor-element-11e401d7 elementor-widget elementor-widget-heading\" data-id=\"11e401d7\" data-element_type=\"widget\" data-e-type=\"widget\" data-widget_type=\"heading.default\">\n\t\t\t\t<div class=\"elementor-widget-container\">\n\t\t\t\t\t<span class=\"elementor-heading-title elementor-size-default\"><a href=\"#\">Cr\u00e9ations florales<\/a><\/span>\t\t\t\t<\/div>\n\t\t\t\t<\/div>\n\t\t\t\t\t<\/div>\n\t\t<\/div>\n\t\t\t\t\t<\/div>\n\t\t<\/section>\n\t\t\t\t<section class=\"elementor-section elementor-top-section elementor-element elementor-element-6c9abbb3 elementor-section-content-middle elementor-section-stretched elementor-section-boxed elementor-section-height-default elementor-section-height-default wpr-particle-no wpr-jarallax-no wpr-parallax-no wpr-sticky-section-no wpr-equal-height-no\" data-id=\"6c9abbb3\" data-element_type=\"section\" data-e-type=\"section\" data-settings=\"{&quot;stretch_section&quot;:&quot;section-stretched&quot;}\">\n\t\t\t\t\t\t<div class=\"elementor-container elementor-column-gap-default\">\n\t\t\t\t\t<div class=\"elementor-column elementor-col-100 elementor-top-column elementor-element elementor-element-3a9b71ee\" data-id=\"3a9b71ee\" data-element_type=\"column\" data-e-type=\"column\">\n\t\t\t<div class=\"elementor-widget-wrap elementor-element-populated\">\n\t\t\t\t\t\t<div class=\"elementor-element elementor-element-3b8dda05 animated-slow elementor-invisible elementor-widget elementor-widget-heading\" data-id=\"3b8dda05\" data-element_type=\"widget\" data-e-type=\"widget\" data-settings=\"{&quot;_animation&quot;:&quot;fadeInDown&quot;}\" data-widget_type=\"heading.default\">\n\t\t\t\t<div class=\"elementor-widget-container\">\n\t\t\t\t\t<h1 class=\"elementor-heading-title elementor-size-default\">Des <span style=\"color: #f09992\">cr\u00e9ations florales<\/span> uniques et personnalis\u00e9es \u00e0 Douchy-les-Mines<\/h1>\t\t\t\t<\/div>\n\t\t\t\t<\/div>\n\t\t\t\t<div class=\"elementor-element elementor-element-45a32fc1 elementor-widget-divider--view-line_icon elementor-view-default elementor-widget-divider--element-align-center elementor-widget elementor-widget-divider\" data-id=\"45a32fc1\" data-element_type=\"widget\" data-e-type=\"widget\" data-widget_type=\"divider.default\">\n\t\t\t\t<div class=\"elementor-widget-container\">\n\t\t\t\t\t\t\t<div class=\"elementor-divider\">\n\t\t\t<span class=\"elementor-divider-separator\">\n\t\t\t\t\t\t\t<div class=\"elementor-icon elementor-divider__element\">\n\t\t\t\t\t<i aria-hidden=\"true\" class=\"fas fa-seedling\"><\/i><\/div>\n\t\t\t\t\t\t<\/span>\n\t\t<\/div>\n\t\t\t\t\t\t<\/div>\n\t\t\t\t<\/div>\n\t\t\t\t<div class=\"elementor-element elementor-element-2c269a78 elementor-widget elementor-widget-text-editor\" data-id=\"2c269a78\" data-element_type=\"widget\" data-e-type=\"widget\" data-widget_type=\"text-editor.default\">\n\t\t\t\t<div class=\"elementor-widget-container\">\n\t\t\t\t\t\t\t\t\t<p>Chaque fleur a son importance, chaque bouquet a une histoire. \u00c0 Douchy-les-Mines, je mets tout mon savoir-faire de fleuriste artisanale au service de vos \u00e9motions \u00e0 travers des cr\u00e9ations florales originales et sur mesure.<br \/>Que vous soyez un particulier, un professionnel, une mairie ou une pompe fun\u00e8bre, je vous propose des compositions adapt\u00e9es \u00e0 vos besoins, y compris avec d\u00e9placement \u00e0 domicile, \u00e0 proximit\u00e9 de Lourches, Neuville-sur-Escaut ou Haulchin.<\/p>\t\t\t\t\t\t\t\t<\/div>\n\t\t\t\t<\/div>\n\t\t\t\t\t<\/div>\n\t\t<\/div>\n\t\t\t\t\t<\/div>\n\t\t<\/section>\n\t\t\t\t<section class=\"elementor-section elementor-top-section elementor-element elementor-element-7609ad21 elementor-section-content-middle elementor-section-stretched elementor-section-boxed elementor-section-height-default elementor-section-height-default wpr-particle-no wpr-jarallax-no wpr-parallax-no wpr-sticky-section-no wpr-equal-height-no\" data-id=\"7609ad21\" data-element_type=\"section\" data-e-type=\"section\" data-settings=\"{&quot;stretch_section&quot;:&quot;section-stretched&quot;}\">\n\t\t\t\t\t\t<div class=\"elementor-container elementor-column-gap-default\">\n\t\t\t\t\t<div class=\"elementor-column elementor-col-50 elementor-top-column elementor-element elementor-element-f455d86\" data-id=\"f455d86\" data-element_type=\"column\" data-e-type=\"column\">\n\t\t\t<div class=\"elementor-widget-wrap elementor-element-populated\">\n\t\t\t\t\t\t<div class=\"elementor-element elementor-element-853551a elementor-widget elementor-widget-image\" data-id=\"853551a\" data-element_type=\"widget\" data-e-type=\"widget\" data-widget_type=\"image.default\">\n\t\t\t\t<div class=\"elementor-widget-container\">\n\t\t\t\t\t\t\t\t\t\t\t\t\t\t\t<img fetchpriority=\"high\" decoding=\"async\" width=\"700\" height=\"500\" src=\"https:\/\/latelierdececile.fr\/wp-content\/uploads\/2025\/04\/image4.jpg\" class=\"attachment-large size-large wp-image-2397\" alt=\"Cr\u00e9ations florales \u00e0 Douchy-les-Mines - Bouquets, compositions\" srcset=\"https:\/\/latelierdececile.fr\/wp-content\/uploads\/2025\/04\/image4.jpg 700w, https:\/\/latelierdececile.fr\/wp-content\/uploads\/2025\/04\/image4-230x164.jpg 230w, https:\/\/latelierdececile.fr\/wp-content\/uploads\/2025\/04\/image4-600x429.jpg 600w, https:\/\/latelierdececile.fr\/wp-content\/uploads\/2025\/04\/image4-300x214.jpg 300w\" sizes=\"(max-width: 700px) 100vw, 700px\" \/>\t\t\t\t\t\t\t\t\t\t\t\t\t\t\t<\/div>\n\t\t\t\t<\/div>\n\t\t\t\t\t<\/div>\n\t\t<\/div>\n\t\t\t\t<div class=\"elementor-column elementor-col-50 elementor-top-column elementor-element elementor-element-5194f137\" data-id=\"5194f137\" data-element_type=\"column\" data-e-type=\"column\">\n\t\t\t<div class=\"elementor-widget-wrap elementor-element-populated\">\n\t\t\t\t\t\t<div class=\"elementor-element elementor-element-4918c42f animated-slow elementor-invisible elementor-widget elementor-widget-heading\" data-id=\"4918c42f\" data-element_type=\"widget\" data-e-type=\"widget\" data-settings=\"{&quot;_animation&quot;:&quot;fadeInDown&quot;}\" data-widget_type=\"heading.default\">\n\t\t\t\t<div class=\"elementor-widget-container\">\n\t\t\t\t\t<h2 class=\"elementor-heading-title elementor-size-default\">Des bouquets \u00e0 offrir ou \u00e0 s\u2019offrir<\/h2>\t\t\t\t<\/div>\n\t\t\t\t<\/div>\n\t\t\t\t<div class=\"elementor-element elementor-element-79140bdf elementor-widget elementor-widget-text-editor\" data-id=\"79140bdf\" data-element_type=\"widget\" data-e-type=\"widget\" data-widget_type=\"text-editor.default\">\n\t\t\t\t<div class=\"elementor-widget-container\">\n\t\t\t\t\t\t\t\t\t<p>Qu\u2019il s\u2019agisse d\u2019un geste spontan\u00e9, d\u2019une attention d\u00e9licate ou d\u2019un moment important, j\u2019imagine pour vous des bouquets uniques, compos\u00e9s de fleurs fra\u00eeches, harmonieuses et pleines de charme.<\/p><p>J\u2019attache une grande importance \u00e0 l\u2019\u00e9motion que d\u00e9gage chaque cr\u00e9ation : la douceur d\u2019un pastel, la force d\u2019un rouge profond, la fra\u00eecheur d\u2019un feuillage naturel. Ainsi, chaque bouquet est pens\u00e9 pour surprendre, apaiser, r\u00e9conforter ou tout simplement \u00e9merveiller.<\/p><p><strong>Offrez ou offrez-vous un instant floral en venant d\u00e9couvrir mes bouquets en boutique.<\/strong><\/p>\t\t\t\t\t\t\t\t<\/div>\n\t\t\t\t<\/div>\n\t\t\t\t\t<\/div>\n\t\t<\/div>\n\t\t\t\t\t<\/div>\n\t\t<\/section>\n\t\t\t\t<section class=\"elementor-section elementor-top-section elementor-element elementor-element-4894546c elementor-section-content-middle elementor-section-stretched elementor-reverse-tablet elementor-reverse-mobile elementor-section-boxed elementor-section-height-default elementor-section-height-default wpr-particle-no wpr-jarallax-no wpr-parallax-no wpr-sticky-section-no wpr-equal-height-no\" data-id=\"4894546c\" data-element_type=\"section\" data-e-type=\"section\" data-settings=\"{&quot;stretch_section&quot;:&quot;section-stretched&quot;}\">\n\t\t\t\t\t\t<div class=\"elementor-container elementor-column-gap-default\">\n\t\t\t\t\t<div class=\"elementor-column elementor-col-50 elementor-top-column elementor-element elementor-element-7680ba8d\" data-id=\"7680ba8d\" data-element_type=\"column\" data-e-type=\"column\">\n\t\t\t<div class=\"elementor-widget-wrap elementor-element-populated\">\n\t\t\t\t\t\t<div class=\"elementor-element elementor-element-551d3ffa animated-slow elementor-invisible elementor-widget elementor-widget-heading\" data-id=\"551d3ffa\" data-element_type=\"widget\" data-e-type=\"widget\" data-settings=\"{&quot;_animation&quot;:&quot;fadeInDown&quot;}\" data-widget_type=\"heading.default\">\n\t\t\t\t<div class=\"elementor-widget-container\">\n\t\t\t\t\t<h2 class=\"elementor-heading-title elementor-size-default\">Compositions sur mesure : anniversaires, remerciements, \u00e9v\u00e9nements<\/h2>\t\t\t\t<\/div>\n\t\t\t\t<\/div>\n\t\t\t\t<div class=\"elementor-element elementor-element-f478bb9 elementor-widget elementor-widget-text-editor\" data-id=\"f478bb9\" data-element_type=\"widget\" data-e-type=\"widget\" data-widget_type=\"text-editor.default\">\n\t\t\t\t<div class=\"elementor-widget-container\">\n\t\t\t\t\t\t\t\t\t<p>Mon m\u00e9tier consiste \u00e0 transformer chaque demande en une composition florale personnalis\u00e9e. Pour un anniversaire, un remerciement, un \u00e9v\u00e9nement professionnel ou une c\u00e9r\u00e9monie officielle, je prends le temps de vous \u00e9couter et de concevoir une cr\u00e9ation qui vous ressemble.<\/p><p>Par ailleurs, je travaille r\u00e9guli\u00e8rement avec les mairies et les entreprises locales pour fleurir des lieux de vie, d\u2019accueil ou de comm\u00e9moration.<\/p><p><strong>Contactez-moi pour cr\u00e9er ensemble une composition florale sur mesure adapt\u00e9e \u00e0 votre \u00e9v\u00e9nement.<\/strong><\/p>\t\t\t\t\t\t\t\t<\/div>\n\t\t\t\t<\/div>\n\t\t\t\t\t<\/div>\n\t\t<\/div>\n\t\t\t\t<div class=\"elementor-column elementor-col-50 elementor-top-column elementor-element elementor-element-6c36534d\" data-id=\"6c36534d\" data-element_type=\"column\" data-e-type=\"column\">\n\t\t\t<div class=\"elementor-widget-wrap elementor-element-populated\">\n\t\t\t\t\t\t<div class=\"elementor-element elementor-element-2e6f410a elementor-widget elementor-widget-image\" data-id=\"2e6f410a\" data-element_type=\"widget\" data-e-type=\"widget\" data-widget_type=\"image.default\">\n\t\t\t\t<div class=\"elementor-widget-container\">\n\t\t\t\t\t\t\t\t\t\t\t\t\t\t\t<img decoding=\"async\" width=\"700\" height=\"500\" src=\"https:\/\/latelierdececile.fr\/wp-content\/uploads\/2025\/04\/image5.jpg\" class=\"attachment-large size-large wp-image-2398\" alt=\"Cr\u00e9ations florales \u00e0 Douchy-les-Mines - Bouquets, compositions\" srcset=\"https:\/\/latelierdececile.fr\/wp-content\/uploads\/2025\/04\/image5.jpg 700w, https:\/\/latelierdececile.fr\/wp-content\/uploads\/2025\/04\/image5-230x164.jpg 230w, https:\/\/latelierdececile.fr\/wp-content\/uploads\/2025\/04\/image5-600x429.jpg 600w, https:\/\/latelierdececile.fr\/wp-content\/uploads\/2025\/04\/image5-300x214.jpg 300w\" sizes=\"(max-width: 700px) 100vw, 700px\" \/>\t\t\t\t\t\t\t\t\t\t\t\t\t\t\t<\/div>\n\t\t\t\t<\/div>\n\t\t\t\t\t<\/div>\n\t\t<\/div>\n\t\t\t\t\t<\/div>\n\t\t<\/section>\n\t\t\t\t<section class=\"elementor-section elementor-top-section elementor-element elementor-element-39896666 elementor-section-content-middle elementor-section-stretched elementor-section-boxed elementor-section-height-default elementor-section-height-default wpr-particle-no wpr-jarallax-no wpr-parallax-no wpr-sticky-section-no wpr-equal-height-no\" data-id=\"39896666\" data-element_type=\"section\" data-e-type=\"section\" data-settings=\"{&quot;stretch_section&quot;:&quot;section-stretched&quot;}\">\n\t\t\t\t\t\t<div class=\"elementor-container elementor-column-gap-default\">\n\t\t\t\t\t<div class=\"elementor-column elementor-col-50 elementor-top-column elementor-element elementor-element-3d0e487\" data-id=\"3d0e487\" data-element_type=\"column\" data-e-type=\"column\">\n\t\t\t<div class=\"elementor-widget-wrap elementor-element-populated\">\n\t\t\t\t\t\t<div class=\"elementor-element elementor-element-6bb583b2 elementor-widget elementor-widget-image\" data-id=\"6bb583b2\" data-element_type=\"widget\" data-e-type=\"widget\" data-widget_type=\"image.default\">\n\t\t\t\t<div class=\"elementor-widget-container\">\n\t\t\t\t\t\t\t\t\t\t\t\t\t\t\t<img decoding=\"async\" width=\"700\" height=\"500\" src=\"https:\/\/latelierdececile.fr\/wp-content\/uploads\/2025\/04\/image6.jpg\" class=\"attachment-large size-large wp-image-2399\" alt=\"\" srcset=\"https:\/\/latelierdececile.fr\/wp-content\/uploads\/2025\/04\/image6.jpg 700w, https:\/\/latelierdececile.fr\/wp-content\/uploads\/2025\/04\/image6-230x164.jpg 230w, https:\/\/latelierdececile.fr\/wp-content\/uploads\/2025\/04\/image6-600x429.jpg 600w, https:\/\/latelierdececile.fr\/wp-content\/uploads\/2025\/04\/image6-300x214.jpg 300w\" sizes=\"(max-width: 700px) 100vw, 700px\" \/>\t\t\t\t\t\t\t\t\t\t\t\t\t\t\t<\/div>\n\t\t\t\t<\/div>\n\t\t\t\t\t<\/div>\n\t\t<\/div>\n\t\t\t\t<div class=\"elementor-column elementor-col-50 elementor-top-column elementor-element elementor-element-24226d08\" data-id=\"24226d08\" data-element_type=\"column\" data-e-type=\"column\">\n\t\t\t<div class=\"elementor-widget-wrap elementor-element-populated\">\n\t\t\t\t\t\t<div class=\"elementor-element elementor-element-3d77d3b7 animated-slow elementor-invisible elementor-widget elementor-widget-heading\" data-id=\"3d77d3b7\" data-element_type=\"widget\" data-e-type=\"widget\" data-settings=\"{&quot;_animation&quot;:&quot;fadeInDown&quot;}\" data-widget_type=\"heading.default\">\n\t\t\t\t<div class=\"elementor-widget-container\">\n\t\t\t\t\t<h2 class=\"elementor-heading-title elementor-size-default\">Des fleurs fra\u00eeches s\u00e9lectionn\u00e9es avec soin chaque jour<\/h2>\t\t\t\t<\/div>\n\t\t\t\t<\/div>\n\t\t\t\t<div class=\"elementor-element elementor-element-2ce55a80 elementor-widget elementor-widget-text-editor\" data-id=\"2ce55a80\" data-element_type=\"widget\" data-e-type=\"widget\" data-widget_type=\"text-editor.default\">\n\t\t\t\t<div class=\"elementor-widget-container\">\n\t\t\t\t\t\t\t\t\t<p>Chaque jour, je choisis avec exigence des fleurs fra\u00eeches aupr\u00e8s de mes fournisseurs pour garantir la qualit\u00e9, la long\u00e9vit\u00e9 et l\u2019\u00e9clat de mes cr\u00e9ations. En effet, le choix des fleurs est essentiel pour une composition r\u00e9ussie.<\/p><p>De plus, je privil\u00e9gie des v\u00e9g\u00e9taux de saison, cueillis \u00e0 maturit\u00e9, pour des rendus plus naturels et durables. Cette rigueur me permet de proposer des cr\u00e9ations florales \u00e0 Douchy-les-Mines qui allient esth\u00e9tique, fra\u00eecheur et \u00e9motion.<\/p><p><strong>Venez en boutique pour d\u00e9couvrir mes fleurs du jour ou passez commande en ligne en toute simplicit\u00e9.<\/strong><\/p>\t\t\t\t\t\t\t\t<\/div>\n\t\t\t\t<\/div>\n\t\t\t\t\t<\/div>\n\t\t<\/div>\n\t\t\t\t\t<\/div>\n\t\t<\/section>\n\t\t\t\t<section class=\"elementor-section elementor-top-section elementor-element elementor-element-5897861 elementor-section-height-min-height elementor-section-stretched elementor-section-boxed elementor-section-height-default elementor-section-items-middle wpr-particle-no wpr-jarallax-no wpr-parallax-no wpr-sticky-section-no wpr-equal-height-no\" data-id=\"5897861\" data-element_type=\"section\" data-e-type=\"section\" data-settings=\"{&quot;stretch_section&quot;:&quot;section-stretched&quot;,&quot;background_background&quot;:&quot;classic&quot;}\">\n\t\t\t\t\t\t\t<div class=\"elementor-background-overlay\"><\/div>\n\t\t\t\t\t\t\t<div class=\"elementor-container elementor-column-gap-default\">\n\t\t\t\t\t<div class=\"elementor-column elementor-col-100 elementor-top-column elementor-element elementor-element-73d39f8d\" data-id=\"73d39f8d\" data-element_type=\"column\" data-e-type=\"column\">\n\t\t\t<div class=\"elementor-widget-wrap elementor-element-populated\">\n\t\t\t\t\t\t<div class=\"elementor-element elementor-element-4eadd877 animated-slow elementor-invisible elementor-widget elementor-widget-heading\" data-id=\"4eadd877\" data-element_type=\"widget\" data-e-type=\"widget\" data-settings=\"{&quot;_animation&quot;:&quot;fadeInDown&quot;}\" data-widget_type=\"heading.default\">\n\t\t\t\t<div class=\"elementor-widget-container\">\n\t\t\t\t\t<span class=\"elementor-heading-title elementor-size-default\">Contactez-nous d\u00e8s maintenant<\/span>\t\t\t\t<\/div>\n\t\t\t\t<\/div>\n\t\t\t\t<div class=\"elementor-element elementor-element-44f1e291 elementor-widget-divider--view-line elementor-widget elementor-widget-divider\" data-id=\"44f1e291\" data-element_type=\"widget\" data-e-type=\"widget\" data-widget_type=\"divider.default\">\n\t\t\t\t<div class=\"elementor-widget-container\">\n\t\t\t\t\t\t\t<div class=\"elementor-divider\">\n\t\t\t<span class=\"elementor-divider-separator\">\n\t\t\t\t\t\t<\/span>\n\t\t<\/div>\n\t\t\t\t\t\t<\/div>\n\t\t\t\t<\/div>\n\t\t\t\t<div class=\"elementor-element elementor-element-5a364792 elementor-invisible elementor-widget elementor-widget-text-editor\" data-id=\"5a364792\" data-element_type=\"widget\" data-e-type=\"widget\" data-settings=\"{&quot;_animation&quot;:&quot;fadeInUp&quot;}\" data-widget_type=\"text-editor.default\">\n\t\t\t\t<div class=\"elementor-widget-container\">\n\t\t\t\t\t\t\t\t\t<p>Confiez-moi vos envies florales : je suis \u00e0 votre \u00e9coute pour imaginer ensemble la composition parfaite.<\/p><p>Appelez-moi au <strong><a href=\"tel:0033607850434\">+33 6 07 85 04 34<\/a><\/strong> ou \u00e9crivez-moi \u00e0 <strong><a href=\"mailto:contact@latelierdececile.fr\">contact@latelierdececile.fr<\/a><\/strong>. \u00c0 tr\u00e8s bient\u00f4t chez L\u2019Atelier de C\u00e9cile.<\/p>\t\t\t\t\t\t\t\t<\/div>\n\t\t\t\t<\/div>\n\t\t\t\t\t<\/div>\n\t\t<\/div>\n\t\t\t\t\t<\/div>\n\t\t<\/section>\n\t\t\t\t<\/div>\n\t\t","protected":false},"excerpt":{"rendered":"<p>Cr\u00e9ations florales Des cr\u00e9ations florales uniques et personnalis\u00e9es \u00e0 Douchy-les-Mines Chaque fleur a son importance, chaque bouquet a une histoire. \u00c0 Douchy-les-Mines, je mets tout mon savoir-faire de fleuriste artisanale au service de vos \u00e9motions \u00e0 travers des cr\u00e9ations florales originales et sur mesure.Que vous soyez un particulier, un professionnel,<\/p>\n","protected":false},"author":38,"featured_media":0,"parent":0,"menu_order":0,"comment_status":"closed","ping_status":"closed","template":"","meta":{"footnotes":""},"class_list":["post-1956","page","type-page","status-publish","hentry"],"aioseo_notices":[],"_links":{"self":[{"href":"https:\/\/latelierdececile.fr\/nov-apijson\/wp\/v2\/pages\/1956","targetHints":{"allow":["GET"]}}],"collection":[{"href":"https:\/\/latelierdececile.fr\/nov-apijson\/wp\/v2\/pages"}],"about":[{"href":"https:\/\/latelierdececile.fr\/nov-apijson\/wp\/v2\/types\/page"}],"author":[{"embeddable":true,"href":"https:\/\/latelierdececile.fr\/nov-apijson\/wp\/v2\/users\/38"}],"replies":[{"embeddable":true,"href":"https:\/\/latelierdececile.fr\/nov-apijson\/wp\/v2\/comments?post=1956"}],"version-history":[{"count":19,"href":"https:\/\/latelierdececile.fr\/nov-apijson\/wp\/v2\/pages\/1956\/revisions"}],"predecessor-version":[{"id":2415,"href":"https:\/\/latelierdececile.fr\/nov-apijson\/wp\/v2\/pages\/1956\/revisions\/2415"}],"wp:attachment":[{"href":"https:\/\/latelierdececile.fr\/nov-apijson\/wp\/v2\/media?parent=1956"}],"curies":[{"name":"wp","href":"https:\/\/api.w.org\/{rel}","templated":true}]}}