{"id":1954,"date":"2025-04-16T10:27:33","date_gmt":"2025-04-16T08:27:33","guid":{"rendered":"https:\/\/latelierdececile.fr\/?page_id=1954"},"modified":"2025-06-03T15:39:25","modified_gmt":"2025-06-03T13:39:25","slug":"fleuriste","status":"publish","type":"page","link":"https:\/\/latelierdececile.fr\/fleuriste\/","title":{"rendered":"Fleuriste"},"content":{"rendered":"\t\t<div data-elementor-type=\"wp-page\" data-elementor-id=\"1954\" class=\"elementor elementor-1954\" data-elementor-post-type=\"page\">\n\t\t\t\t\t\t<section class=\"elementor-section elementor-top-section elementor-element elementor-element-3ae85083 elementor-section-height-min-height elementor-section-stretched elementor-section-full_width elementor-section-height-default elementor-section-items-middle wpr-particle-no wpr-jarallax-no wpr-parallax-no wpr-sticky-section-no wpr-equal-height-no\" data-id=\"3ae85083\" data-element_type=\"section\" data-e-type=\"section\" data-settings=\"{&quot;stretch_section&quot;:&quot;section-stretched&quot;,&quot;background_background&quot;:&quot;classic&quot;,&quot;shape_divider_bottom_negative&quot;:&quot;yes&quot;,&quot;shape_divider_bottom&quot;:&quot;triangle&quot;}\">\n\t\t\t\t\t\t\t<div class=\"elementor-background-overlay\"><\/div>\n\t\t\t\t\t\t<div class=\"elementor-shape elementor-shape-bottom\" aria-hidden=\"true\" data-negative=\"true\">\n\t\t\t<svg xmlns=\"http:\/\/www.w3.org\/2000\/svg\" viewBox=\"0 0 1000 100\" preserveAspectRatio=\"none\">\n\t<path class=\"elementor-shape-fill\" d=\"M500.2,94.7L0,0v100h1000V0L500.2,94.7z\"\/>\n<\/svg>\t\t<\/div>\n\t\t\t\t\t<div class=\"elementor-container elementor-column-gap-default\">\n\t\t\t\t\t<div class=\"elementor-column elementor-col-100 elementor-top-column elementor-element elementor-element-368d99f\" data-id=\"368d99f\" data-element_type=\"column\" data-e-type=\"column\">\n\t\t\t<div class=\"elementor-widget-wrap elementor-element-populated\">\n\t\t\t\t\t\t<div class=\"elementor-element elementor-element-76e2c6b elementor-widget elementor-widget-heading\" data-id=\"76e2c6b\" data-element_type=\"widget\" data-e-type=\"widget\" data-widget_type=\"heading.default\">\n\t\t\t\t<div class=\"elementor-widget-container\">\n\t\t\t\t\t<span class=\"elementor-heading-title elementor-size-default\"><a href=\"#\">Fleuriste<\/a><\/span>\t\t\t\t<\/div>\n\t\t\t\t<\/div>\n\t\t\t\t\t<\/div>\n\t\t<\/div>\n\t\t\t\t\t<\/div>\n\t\t<\/section>\n\t\t\t\t<section class=\"elementor-section elementor-top-section elementor-element elementor-element-77cc2a62 elementor-section-content-middle elementor-section-stretched elementor-section-boxed elementor-section-height-default elementor-section-height-default wpr-particle-no wpr-jarallax-no wpr-parallax-no wpr-sticky-section-no wpr-equal-height-no\" data-id=\"77cc2a62\" data-element_type=\"section\" data-e-type=\"section\" data-settings=\"{&quot;stretch_section&quot;:&quot;section-stretched&quot;}\">\n\t\t\t\t\t\t<div class=\"elementor-container elementor-column-gap-default\">\n\t\t\t\t\t<div class=\"elementor-column elementor-col-100 elementor-top-column elementor-element elementor-element-7c8f9485\" data-id=\"7c8f9485\" data-element_type=\"column\" data-e-type=\"column\">\n\t\t\t<div class=\"elementor-widget-wrap elementor-element-populated\">\n\t\t\t\t\t\t<div class=\"elementor-element elementor-element-58020cc8 animated-slow elementor-invisible elementor-widget elementor-widget-heading\" data-id=\"58020cc8\" data-element_type=\"widget\" data-e-type=\"widget\" data-settings=\"{&quot;_animation&quot;:&quot;fadeInDown&quot;}\" data-widget_type=\"heading.default\">\n\t\t\t\t<div class=\"elementor-widget-container\">\n\t\t\t\t\t<h1 class=\"elementor-heading-title elementor-size-default\">L'<span>Atelier de C\u00e9cile<\/span>, fleuriste \u00e0 Douchy les mines &amp; Haspres<\/h1>\t\t\t\t<\/div>\n\t\t\t\t<\/div>\n\t\t\t\t<div class=\"elementor-element elementor-element-a46906e elementor-widget-divider--view-line_icon elementor-view-default elementor-widget-divider--element-align-center elementor-widget elementor-widget-divider\" data-id=\"a46906e\" data-element_type=\"widget\" data-e-type=\"widget\" data-widget_type=\"divider.default\">\n\t\t\t\t<div class=\"elementor-widget-container\">\n\t\t\t\t\t\t\t<div class=\"elementor-divider\">\n\t\t\t<span class=\"elementor-divider-separator\">\n\t\t\t\t\t\t\t<div class=\"elementor-icon elementor-divider__element\">\n\t\t\t\t\t<i aria-hidden=\"true\" class=\"fas fa-seedling\"><\/i><\/div>\n\t\t\t\t\t\t<\/span>\n\t\t<\/div>\n\t\t\t\t\t\t<\/div>\n\t\t\t\t<\/div>\n\t\t\t\t<div class=\"elementor-element elementor-element-4e3f9bca elementor-widget elementor-widget-text-editor\" data-id=\"4e3f9bca\" data-element_type=\"widget\" data-e-type=\"widget\" data-widget_type=\"text-editor.default\">\n\t\t\t\t<div class=\"elementor-widget-container\">\n\t\t\t\t\t\t\t\t\t<p>Depuis plus de 20 ans, je vous transmets ma passion des fleurs \u00e0 travers des cr\u00e9ations florales uniques et pleines de sens. En tant que fleuriste \u00e0 Douchy-Les-Mines &amp; Haspres, je vous accueille avec attention dans une boutique chaleureuse, pens\u00e9e comme un v\u00e9ritable lieu d\u2019inspiration.<\/p><p>Que vous soyez de Wavrechain-sous-Denain, Lieu-Saint-Amand ou Thiant, venez d\u00e9couvrir un univers o\u00f9 la cr\u00e9ativit\u00e9 et l\u2019\u00e9motion se rencontrent.<\/p>\t\t\t\t\t\t\t\t<\/div>\n\t\t\t\t<\/div>\n\t\t\t\t\t<\/div>\n\t\t<\/div>\n\t\t\t\t\t<\/div>\n\t\t<\/section>\n\t\t\t\t<section class=\"elementor-section elementor-top-section elementor-element elementor-element-1ac8c251 elementor-section-content-middle elementor-section-stretched elementor-section-boxed elementor-section-height-default elementor-section-height-default wpr-particle-no wpr-jarallax-no wpr-parallax-no wpr-sticky-section-no wpr-equal-height-no\" data-id=\"1ac8c251\" data-element_type=\"section\" data-e-type=\"section\" data-settings=\"{&quot;stretch_section&quot;:&quot;section-stretched&quot;}\">\n\t\t\t\t\t\t<div class=\"elementor-container elementor-column-gap-default\">\n\t\t\t\t\t<div class=\"elementor-column elementor-col-50 elementor-top-column elementor-element elementor-element-1bc0e8ef\" data-id=\"1bc0e8ef\" data-element_type=\"column\" data-e-type=\"column\">\n\t\t\t<div class=\"elementor-widget-wrap elementor-element-populated\">\n\t\t\t\t\t\t<div class=\"elementor-element elementor-element-5fbc1c39 elementor-widget elementor-widget-image\" data-id=\"5fbc1c39\" data-element_type=\"widget\" data-e-type=\"widget\" data-widget_type=\"image.default\">\n\t\t\t\t<div class=\"elementor-widget-container\">\n\t\t\t\t\t\t\t\t\t\t\t\t\t\t\t<img fetchpriority=\"high\" decoding=\"async\" width=\"700\" height=\"500\" src=\"https:\/\/latelierdececile.fr\/wp-content\/uploads\/2025\/04\/image1.jpg\" class=\"attachment-large size-large wp-image-2378\" alt=\"Fleuriste \u00e0 Haspres | L\u2019Atelier de C\u00e9cile\" srcset=\"https:\/\/latelierdececile.fr\/wp-content\/uploads\/2025\/04\/image1.jpg 700w, https:\/\/latelierdececile.fr\/wp-content\/uploads\/2025\/04\/image1-230x164.jpg 230w, https:\/\/latelierdececile.fr\/wp-content\/uploads\/2025\/04\/image1-600x429.jpg 600w, https:\/\/latelierdececile.fr\/wp-content\/uploads\/2025\/04\/image1-300x214.jpg 300w\" sizes=\"(max-width: 700px) 100vw, 700px\" \/>\t\t\t\t\t\t\t\t\t\t\t\t\t\t\t<\/div>\n\t\t\t\t<\/div>\n\t\t\t\t\t<\/div>\n\t\t<\/div>\n\t\t\t\t<div class=\"elementor-column elementor-col-50 elementor-top-column elementor-element elementor-element-79f4bede\" data-id=\"79f4bede\" data-element_type=\"column\" data-e-type=\"column\">\n\t\t\t<div class=\"elementor-widget-wrap elementor-element-populated\">\n\t\t\t\t\t\t<div class=\"elementor-element elementor-element-2b9eb75 animated-slow elementor-invisible elementor-widget elementor-widget-heading\" data-id=\"2b9eb75\" data-element_type=\"widget\" data-e-type=\"widget\" data-settings=\"{&quot;_animation&quot;:&quot;fadeInDown&quot;}\" data-widget_type=\"heading.default\">\n\t\t\t\t<div class=\"elementor-widget-container\">\n\t\t\t\t\t<h2 class=\"elementor-heading-title elementor-size-default\">Artisan fleuriste passionn\u00e9e \u00e0 Douchy les mines &amp; Haspres<\/h2>\t\t\t\t<\/div>\n\t\t\t\t<\/div>\n\t\t\t\t<div class=\"elementor-element elementor-element-1db50810 elementor-widget elementor-widget-text-editor\" data-id=\"1db50810\" data-element_type=\"widget\" data-e-type=\"widget\" data-widget_type=\"text-editor.default\">\n\t\t\t\t<div class=\"elementor-widget-container\">\n\t\t\t\t\t\t\t\t\t<p>Fleuriste ind\u00e9pendante, je compose chaque bouquet avec sensibilit\u00e9 et savoir-faire. Mon m\u00e9tier est avant tout une vocation : celle d\u2019accompagner vos moments de vie avec des fleurs choisies avec soin. \u00c0 Haspres, je travaille dans le respect des saisons et des valeurs artisanales, au service des particuliers, des entreprises, des pompes fun\u00e8bres et des collectivit\u00e9s locales.<\/p><p>Mon approche est personnalis\u00e9e : je prends le temps de vous \u00e9couter pour cr\u00e9er des compositions \u00e0 votre image.<\/p><p>Besoin de conseils pour une cr\u00e9ation florale ? Passez me voir, je suis l\u00e0 pour vous guider.<\/p>\t\t\t\t\t\t\t\t<\/div>\n\t\t\t\t<\/div>\n\t\t\t\t\t<\/div>\n\t\t<\/div>\n\t\t\t\t\t<\/div>\n\t\t<\/section>\n\t\t\t\t<section class=\"elementor-section elementor-top-section elementor-element elementor-element-50d722e6 elementor-section-content-middle elementor-section-stretched elementor-reverse-tablet elementor-reverse-mobile elementor-section-boxed elementor-section-height-default elementor-section-height-default wpr-particle-no wpr-jarallax-no wpr-parallax-no wpr-sticky-section-no wpr-equal-height-no\" data-id=\"50d722e6\" data-element_type=\"section\" data-e-type=\"section\" data-settings=\"{&quot;stretch_section&quot;:&quot;section-stretched&quot;}\">\n\t\t\t\t\t\t<div class=\"elementor-container elementor-column-gap-default\">\n\t\t\t\t\t<div class=\"elementor-column elementor-col-50 elementor-top-column elementor-element elementor-element-14ac8877\" data-id=\"14ac8877\" data-element_type=\"column\" data-e-type=\"column\">\n\t\t\t<div class=\"elementor-widget-wrap elementor-element-populated\">\n\t\t\t\t\t\t<div class=\"elementor-element elementor-element-8cf1f20 animated-slow elementor-invisible elementor-widget elementor-widget-heading\" data-id=\"8cf1f20\" data-element_type=\"widget\" data-e-type=\"widget\" data-settings=\"{&quot;_animation&quot;:&quot;fadeInDown&quot;}\" data-widget_type=\"heading.default\">\n\t\t\t\t<div class=\"elementor-widget-container\">\n\t\t\t\t\t<h2 class=\"elementor-heading-title elementor-size-default\">Des compositions cr\u00e9atives, au fil des saisons<\/h2>\t\t\t\t<\/div>\n\t\t\t\t<\/div>\n\t\t\t\t<div class=\"elementor-element elementor-element-4a8aa1b2 elementor-widget elementor-widget-text-editor\" data-id=\"4a8aa1b2\" data-element_type=\"widget\" data-e-type=\"widget\" data-widget_type=\"text-editor.default\">\n\t\t\t\t<div class=\"elementor-widget-container\">\n\t\t\t\t\t\t\t\t\t<p>Je renouvelle mes inspirations tout au long de l\u2019ann\u00e9e pour vous proposer des arrangements floraux toujours originaux, en harmonie avec la nature. En effet, chaque saison offre une palette de textures, de couleurs et de parfums que j\u2019aime traduire en cr\u00e9ations \u00e9l\u00e9gantes et durables.<\/p><p>Par ailleurs, j\u2019accorde une attention particuli\u00e8re \u00e0 la fra\u00eecheur de mes fleurs et \u00e0 la qualit\u00e9 de chaque finition. Mon objectif : faire na\u00eetre l\u2019\u00e9motion, qu\u2019il s\u2019agisse d\u2019un simple geste ou d\u2019un \u00e9v\u00e9nement marquant.<\/p><p>Offrez-vous une composition unique, pens\u00e9e pour vous et fa\u00e7onn\u00e9e avec amour.<\/p>\t\t\t\t\t\t\t\t<\/div>\n\t\t\t\t<\/div>\n\t\t\t\t\t<\/div>\n\t\t<\/div>\n\t\t\t\t<div class=\"elementor-column elementor-col-50 elementor-top-column elementor-element elementor-element-25c42078\" data-id=\"25c42078\" data-element_type=\"column\" data-e-type=\"column\">\n\t\t\t<div class=\"elementor-widget-wrap elementor-element-populated\">\n\t\t\t\t\t\t<div class=\"elementor-element elementor-element-7f11180b elementor-widget elementor-widget-image\" data-id=\"7f11180b\" data-element_type=\"widget\" data-e-type=\"widget\" data-widget_type=\"image.default\">\n\t\t\t\t<div class=\"elementor-widget-container\">\n\t\t\t\t\t\t\t\t\t\t\t\t\t\t\t<img decoding=\"async\" width=\"700\" height=\"500\" src=\"https:\/\/latelierdececile.fr\/wp-content\/uploads\/2025\/04\/image2.jpg\" class=\"attachment-large size-large wp-image-2379\" alt=\"Fleuriste \u00e0 Haspres | L\u2019Atelier de C\u00e9cile\" srcset=\"https:\/\/latelierdececile.fr\/wp-content\/uploads\/2025\/04\/image2.jpg 700w, https:\/\/latelierdececile.fr\/wp-content\/uploads\/2025\/04\/image2-230x164.jpg 230w, https:\/\/latelierdececile.fr\/wp-content\/uploads\/2025\/04\/image2-600x429.jpg 600w, https:\/\/latelierdececile.fr\/wp-content\/uploads\/2025\/04\/image2-300x214.jpg 300w\" sizes=\"(max-width: 700px) 100vw, 700px\" \/>\t\t\t\t\t\t\t\t\t\t\t\t\t\t\t<\/div>\n\t\t\t\t<\/div>\n\t\t\t\t\t<\/div>\n\t\t<\/div>\n\t\t\t\t\t<\/div>\n\t\t<\/section>\n\t\t\t\t<section class=\"elementor-section elementor-top-section elementor-element elementor-element-d2fe6fa elementor-section-content-middle elementor-section-stretched elementor-section-boxed elementor-section-height-default elementor-section-height-default wpr-particle-no wpr-jarallax-no wpr-parallax-no wpr-sticky-section-no wpr-equal-height-no\" data-id=\"d2fe6fa\" data-element_type=\"section\" data-e-type=\"section\" data-settings=\"{&quot;stretch_section&quot;:&quot;section-stretched&quot;}\">\n\t\t\t\t\t\t<div class=\"elementor-container elementor-column-gap-default\">\n\t\t\t\t\t<div class=\"elementor-column elementor-col-50 elementor-top-column elementor-element elementor-element-b8e2d1b\" data-id=\"b8e2d1b\" data-element_type=\"column\" data-e-type=\"column\">\n\t\t\t<div class=\"elementor-widget-wrap elementor-element-populated\">\n\t\t\t\t\t\t<div class=\"elementor-element elementor-element-5468c47 elementor-widget elementor-widget-image\" data-id=\"5468c47\" data-element_type=\"widget\" data-e-type=\"widget\" data-widget_type=\"image.default\">\n\t\t\t\t<div class=\"elementor-widget-container\">\n\t\t\t\t\t\t\t\t\t\t\t\t\t\t\t<img decoding=\"async\" width=\"700\" height=\"500\" src=\"https:\/\/latelierdececile.fr\/wp-content\/uploads\/2025\/04\/image3.jpg\" class=\"attachment-large size-large wp-image-2380\" alt=\"\" srcset=\"https:\/\/latelierdececile.fr\/wp-content\/uploads\/2025\/04\/image3.jpg 700w, https:\/\/latelierdececile.fr\/wp-content\/uploads\/2025\/04\/image3-230x164.jpg 230w, https:\/\/latelierdececile.fr\/wp-content\/uploads\/2025\/04\/image3-600x429.jpg 600w, https:\/\/latelierdececile.fr\/wp-content\/uploads\/2025\/04\/image3-300x214.jpg 300w\" sizes=\"(max-width: 700px) 100vw, 700px\" \/>\t\t\t\t\t\t\t\t\t\t\t\t\t\t\t<\/div>\n\t\t\t\t<\/div>\n\t\t\t\t\t<\/div>\n\t\t<\/div>\n\t\t\t\t<div class=\"elementor-column elementor-col-50 elementor-top-column elementor-element elementor-element-8599b6d\" data-id=\"8599b6d\" data-element_type=\"column\" data-e-type=\"column\">\n\t\t\t<div class=\"elementor-widget-wrap elementor-element-populated\">\n\t\t\t\t\t\t<div class=\"elementor-element elementor-element-67d1ab6 animated-slow elementor-invisible elementor-widget elementor-widget-heading\" data-id=\"67d1ab6\" data-element_type=\"widget\" data-e-type=\"widget\" data-settings=\"{&quot;_animation&quot;:&quot;fadeInDown&quot;}\" data-widget_type=\"heading.default\">\n\t\t\t\t<div class=\"elementor-widget-container\">\n\t\t\t\t\t<h2 class=\"elementor-heading-title elementor-size-default\">Commande en ligne et livraison<\/h2>\t\t\t\t<\/div>\n\t\t\t\t<\/div>\n\t\t\t\t<div class=\"elementor-element elementor-element-4ba35d5 elementor-widget elementor-widget-text-editor\" data-id=\"4ba35d5\" data-element_type=\"widget\" data-e-type=\"widget\" data-widget_type=\"text-editor.default\">\n\t\t\t\t<div class=\"elementor-widget-container\">\n\t\t\t\t\t\t\t\t\t<p>Afin de r\u00e9pondre \u00e0 vos besoins avec souplesse, je propose un service de commande en ligne avec Clic &amp; Collect ou livraison \u00e0 domicile. Vous habitez \u00e0 Douchy les mines, Haspres ou dans les environs comme Thiant, Lieu-Saint-Amand ou Wavrechain-sous-Denain ?<\/p><p>Je me d\u00e9place pour livrer vos fleurs avec soin et ponctualit\u00e9. Ce service s\u2019adresse aussi bien aux particuliers qu\u2019aux professionnels, pour une attention florale \u00e0 tout moment.<\/p><p>Commandez vos fleurs en ligne d\u00e8s aujourd\u2019hui et profitez d\u2019une livraison assur\u00e9e par mes soins.<\/p>\t\t\t\t\t\t\t\t<\/div>\n\t\t\t\t<\/div>\n\t\t\t\t\t<\/div>\n\t\t<\/div>\n\t\t\t\t\t<\/div>\n\t\t<\/section>\n\t\t\t\t<section class=\"elementor-section elementor-top-section elementor-element elementor-element-7851fe4 elementor-section-height-min-height elementor-section-stretched elementor-section-boxed elementor-section-height-default elementor-section-items-middle wpr-particle-no wpr-jarallax-no wpr-parallax-no wpr-sticky-section-no wpr-equal-height-no\" data-id=\"7851fe4\" data-element_type=\"section\" data-e-type=\"section\" data-settings=\"{&quot;stretch_section&quot;:&quot;section-stretched&quot;,&quot;background_background&quot;:&quot;classic&quot;}\">\n\t\t\t\t\t\t\t<div class=\"elementor-background-overlay\"><\/div>\n\t\t\t\t\t\t\t<div class=\"elementor-container elementor-column-gap-default\">\n\t\t\t\t\t<div class=\"elementor-column elementor-col-100 elementor-top-column elementor-element elementor-element-17b32906\" data-id=\"17b32906\" data-element_type=\"column\" data-e-type=\"column\">\n\t\t\t<div class=\"elementor-widget-wrap elementor-element-populated\">\n\t\t\t\t\t\t<div class=\"elementor-element elementor-element-64ce6626 animated-slow elementor-invisible elementor-widget elementor-widget-heading\" data-id=\"64ce6626\" data-element_type=\"widget\" data-e-type=\"widget\" data-settings=\"{&quot;_animation&quot;:&quot;fadeInDown&quot;}\" data-widget_type=\"heading.default\">\n\t\t\t\t<div class=\"elementor-widget-container\">\n\t\t\t\t\t<span class=\"elementor-heading-title elementor-size-default\">Contactez-nous d\u00e8s maintenant<\/span>\t\t\t\t<\/div>\n\t\t\t\t<\/div>\n\t\t\t\t<div class=\"elementor-element elementor-element-37188549 elementor-widget-divider--view-line elementor-widget elementor-widget-divider\" data-id=\"37188549\" data-element_type=\"widget\" data-e-type=\"widget\" data-widget_type=\"divider.default\">\n\t\t\t\t<div class=\"elementor-widget-container\">\n\t\t\t\t\t\t\t<div class=\"elementor-divider\">\n\t\t\t<span class=\"elementor-divider-separator\">\n\t\t\t\t\t\t<\/span>\n\t\t<\/div>\n\t\t\t\t\t\t<\/div>\n\t\t\t\t<\/div>\n\t\t\t\t<div class=\"elementor-element elementor-element-5a51cf79 elementor-invisible elementor-widget elementor-widget-text-editor\" data-id=\"5a51cf79\" data-element_type=\"widget\" data-e-type=\"widget\" data-settings=\"{&quot;_animation&quot;:&quot;fadeInUp&quot;}\" data-widget_type=\"text-editor.default\">\n\t\t\t\t<div class=\"elementor-widget-container\">\n\t\t\t\t\t\t\t\t\t<p>Que ce soit pour c\u00e9l\u00e9brer, remercier, ou tout simplement faire plaisir, je suis \u00e0 votre \u00e9coute pour donner vie \u00e0 toutes vos envies fleuries.<\/p><p>Contactez-moi au <strong><a href=\"tel:0033607850434\">+33 6 07 85 04 34<\/a><\/strong> ou par mail \u00e0 <strong><a href=\"mailto:contact@latelierdececile.fr\">contact@latelierdececile.fr<\/a><\/strong>. \u00c0 tr\u00e8s bient\u00f4t \u00e0 L\u2019Atelier de C\u00e9cile !<\/p>\t\t\t\t\t\t\t\t<\/div>\n\t\t\t\t<\/div>\n\t\t\t\t\t<\/div>\n\t\t<\/div>\n\t\t\t\t\t<\/div>\n\t\t<\/section>\n\t\t\t\t<\/div>\n\t\t","protected":false},"excerpt":{"rendered":"<p>Fleuriste L&rsquo;Atelier de C\u00e9cile, fleuriste \u00e0 Douchy les mines &amp; Haspres Depuis plus de 20 ans, je vous transmets ma passion des fleurs \u00e0 travers des cr\u00e9ations florales uniques et pleines de sens. En tant que fleuriste \u00e0 Douchy-Les-Mines &amp; Haspres, je vous accueille avec attention dans une boutique chaleureuse,<\/p>\n","protected":false},"author":38,"featured_media":0,"parent":0,"menu_order":0,"comment_status":"closed","ping_status":"closed","template":"","meta":{"footnotes":""},"class_list":["post-1954","page","type-page","status-publish","hentry"],"aioseo_notices":[],"_links":{"self":[{"href":"https:\/\/latelierdececile.fr\/nov-apijson\/wp\/v2\/pages\/1954","targetHints":{"allow":["GET"]}}],"collection":[{"href":"https:\/\/latelierdececile.fr\/nov-apijson\/wp\/v2\/pages"}],"about":[{"href":"https:\/\/latelierdececile.fr\/nov-apijson\/wp\/v2\/types\/page"}],"author":[{"embeddable":true,"href":"https:\/\/latelierdececile.fr\/nov-apijson\/wp\/v2\/users\/38"}],"replies":[{"embeddable":true,"href":"https:\/\/latelierdececile.fr\/nov-apijson\/wp\/v2\/comments?post=1954"}],"version-history":[{"count":58,"href":"https:\/\/latelierdececile.fr\/nov-apijson\/wp\/v2\/pages\/1954\/revisions"}],"predecessor-version":[{"id":10745,"href":"https:\/\/latelierdececile.fr\/nov-apijson\/wp\/v2\/pages\/1954\/revisions\/10745"}],"wp:attachment":[{"href":"https:\/\/latelierdececile.fr\/nov-apijson\/wp\/v2\/media?parent=1954"}],"curies":[{"name":"wp","href":"https:\/\/api.w.org\/{rel}","templated":true}]}}